{"id":608,"date":"2025-02-13T16:24:53","date_gmt":"2025-02-13T16:24:53","guid":{"rendered":"https:\/\/prihdesigner.com.br\/Health-Safety\/?page_id=608"},"modified":"2025-08-18T19:58:43","modified_gmt":"2025-08-18T19:58:43","slug":"produtos-respirador-descartavel-aero-2-pff3-com-valvula","status":"publish","type":"page","link":"https:\/\/www.gvs.com.br\/safety\/produtos-respirador-descartavel-aero-2-pff3-com-valvula\/","title":{"rendered":"Produtos \u2013 Respirador Descart\u00e1vel Aero 2 PFF3 com V\u00e1lvula"},"content":{"rendered":"\n<div class=\"wp-block-uagb-container uagb-block-149c229c alignfull uagb-is-root-container\"><div class=\"uagb-container-inner-blocks-wrap\">\n<div class=\"wp-block-uagb-container uagb-block-c54a8d82\">\n<div class=\"wp-block-uagb-advanced-heading uagb-block-b107e86b\"><h1 class=\"uagb-heading-text\"><strong>Respirador Descart\u00e1vel Aero 2 PFF3 com V\u00e1lvula<\/strong><\/h1><\/div>\n<\/div>\n\n\n\n<div class=\"wp-block-uagb-container uagb-block-681a001d\">\n<div class=\"wp-block-uagb-image uagb-block-c801b5ae wp-block-uagb-image--layout-default wp-block-uagb-image--effect-static wp-block-uagb-image--align-none\"><figure class=\"wp-block-uagb-image__figure\"><img decoding=\"async\"  sizes=\"auto, (max-width: 480px) 150px\" src=\"https:\/\/www.gvs.com.br\/safety\/wp-content\/uploads\/2025\/02\/mascara-descartavel-aero-2-pff2-com-valvula.png\" alt=\"\" width=\"900\" height=\"900\" title=\"mascara-descartavel-aero-2-pff2-com-valvula\" loading=\"lazy\" role=\"img\"\/><\/figure><\/div>\n<\/div>\n<\/div><\/div>\n\n\n\n<div class=\"wp-block-uagb-container uagb-block-3dfe1a5b alignfull uagb-is-root-container\"><div class=\"uagb-container-inner-blocks-wrap\">\n<div class=\"wp-block-uagb-container uagb-layout-flex uagb-block-a23fca3c\">\n<p class=\"has-text-align-justify has-text-align-justify\">Melhor veda\u00e7\u00e3o, em fun\u00e7\u00e3o da sua inovadora conforma\u00e7\u00e3o, obtida atrav\u00e9s de um sistema de desenho eletr\u00f4nico para corte de tecidos. Os respiradores AERO2 adaptam-se aos mais diversos formatos de rostos.<\/p>\n\n\n\n<p class=\"has-text-align-justify has-text-align-justify\">Sistema \u00fanico de fixa\u00e7\u00e3o com quatro pontos de ajuste, que possibilita uma perfeita veda\u00e7\u00e3o, sem incomodar o usu\u00e1rio. V\u00e1lvula de exala\u00e7\u00e3o de alta performance com baix\u00edssima resist\u00eancia a exala\u00e7\u00e3o, o que garante suavidade ao processo respirat\u00f3rio e conforto ao usu\u00e1rio. Materiais filtrantes de alta qualidade, atendendo as mais rigorosas normas nacionais e internacionais, desenvolvidos e testados nos melhores laborat\u00f3rios do mundo.<\/p>\n\n\n\n<p class=\"has-text-align-justify has-text-align-justify\">Tecnologia de ponta! Os respiradores GVS s\u00e3o desenvolvidos atrav\u00e9s das mais modernas tecnologias de filtra\u00e7\u00e3o existentes, proporcionando conforto e seguran\u00e7a aos usu\u00e1rios.<\/p>\n<\/div>\n\n\n\n<div class=\"wp-block-uagb-container uagb-block-d3a46379\"><\/div>\n<\/div><\/div>\n\n\n\n<div class=\"wp-block-uagb-separator uagb-block-bc8dfc32\"><div class=\"uagb-separator-spacing-wrapper\"><div class=\"wp-block-uagb-separator__inner\" style=\"--my-background-image:\"><\/div><\/div><\/div>\n\n\n\n<p class=\"has-text-align-justify has-text-align-justify\"><strong>Aplica\u00e7\u00e3o:<\/strong> ind\u00fastria metal\u00fargica, qu\u00edmica, farmac\u00eautica, moveleira, t\u00eaxtil, aliment\u00edcia, fundi\u00e7\u00f5es, laborat\u00f3rios, hospitais, minera\u00e7\u00e3o, constru\u00e7\u00e3o naval, soldas, pinturas, serralherias, fibra de vidro, constru\u00e7\u00e3o civil, frigor\u00edficos e agricultura.<\/p>\n\n\n\n<p class=\"has-text-align-justify has-text-align-justify\"><strong><strong>Veda\u00e7\u00e3o<\/strong>: <\/strong>Sistema exclusivo de fixa\u00e7\u00e3o, com quatro pontos de ajuste, oferecendo uma veda\u00e7\u00e3o perfeita e confort\u00e1vel.<br>Os novos el\u00e1sticos foram desenvolvidos para assegurar a veda\u00e7\u00e3o, sem a necessidade de ficarem extremamente apertados e incomodar o usu\u00e1rio.<br>A cinta interna de espuma de alta densidade que abrange toda a parte superior do respirador, al\u00e9m de melhorar a veda\u00e7\u00e3o, possibilita a utiliza\u00e7\u00e3o de \u00f3culos de seguran\u00e7a, sem emba\u00e7ar. Material interno especial para o contato com a pele, desenvolvido com o prop\u00f3sito de ser mais macio e confort\u00e1vel.<\/p>\n\n\n\n<p class=\"has-text-align-justify has-text-align-justify\"><strong><strong>Conforto<\/strong>: <\/strong>V\u00e1lvula de exala\u00e7\u00e3o desenvolvida com alta tecnologia e um diferenciado sistema de fixa\u00e7\u00e3o das membranas. Tem baix\u00edssima resist\u00eancia a exala\u00e7\u00e3o, o que proporciona extrema suavidade ao processo respirat\u00f3rio, melhora a troca de ar e diminui muito a temperatura interna dos respiradores. Fabricados no formato dobr\u00e1vel, os respiradores Aero 2 s\u00e3o f\u00e1ceis de armazenar, confort\u00e1veis e pr\u00e1ticos.<\/p>\n\n\n\n<p class=\"has-text-align-justify has-text-align-justify\"><strong><strong><strong>Prote\u00e7\u00e3o<\/strong><\/strong>: <\/strong><\/p>\n\n\n\n<ul class=\"wp-block-list\">\n<li><strong>Poeiras<\/strong>: Em geral poeiras s\u00e3o geradas por a\u00e7\u00f5es ou trabalhos mec\u00e2nicos, como por exemplo: serrar uma madeira, lixar uma superf\u00edcie, etc. Quanto mais fina a poeira, maior o risco.<\/li>\n\n\n\n<li><strong>N\u00e9voas<\/strong>: S\u00e3o part\u00edculas l\u00edquidas, formadas por processos de pulveriza\u00e7\u00e3o, condensa\u00e7\u00e3o ou pintura.<\/li>\n\n\n\n<li><strong>Fumos<\/strong>: Em geral, fumos s\u00e3o part\u00edculas muito finas, origin\u00e1rias da condensa\u00e7\u00e3o do vapor gerado por a\u00e7\u00f5es t\u00e9rmicas, como processos de soldagem e fundi\u00e7\u00e3o.<\/li>\n\n\n\n<li><strong>Radionucl\u00eddeos e part\u00edculas altamente t\u00f3xicas.<\/strong><\/li>\n<\/ul>\n\n\n\n<p class=\"has-text-align-justify has-text-align-justify\"><\/p>\n\n\n<div\n\t\tclass=\"free align wp-block-btn-button\"\tid='btnButton-1'\n\tdata-nonce='&quot;2e29cef777&quot;'\n\tdata-attributes='{&quot;cPostId&quot;:608,&quot;text&quot;:&quot;Baixar a ficha t\\u00e9cnica &quot;,&quot;url&quot;:&quot;https:\\\/\\\/www.gvs.com.br\\\/safety\\\/wp-content\\\/uploads\\\/2025\\\/05\\\/Especificacao-de-produto-PFF3NVKD02-PFF3.pdf&quot;,&quot;icon&quot;:{&quot;class&quot;:&quot;fa-solid fa-download&quot;},&quot;alignment&quot;:&quot;left&quot;,&quot;colors&quot;:{&quot;color&quot;:&quot;#fff&quot;,&quot;bg&quot;:&quot;var(--ast-global-color-0)&quot;},&quot;hovColors&quot;:{&quot;color&quot;:&quot;#fff&quot;,&quot;bg&quot;:&quot;var(--ast-global-color-1)&quot;},&quot;align&quot;:&quot;&quot;,&quot;actionType&quot;:&quot;link&quot;,&quot;security&quot;:&quot;none&quot;,&quot;securityPassword&quot;:&quot;&quot;,&quot;tooltip&quot;:&quot;&quot;,&quot;tooltipPos&quot;:&quot;top&quot;,&quot;target&quot;:&quot;_self&quot;,&quot;attrs&quot;:{&quot;rel&quot;:&quot;noreferrer&quot;,&quot;referrerpolicy&quot;:&quot;no-referrer&quot;},&quot;hideOn&quot;:{&quot;desktop&quot;:false,&quot;tablet&quot;:false,&quot;mobile&quot;:false},&quot;isDownload&quot;:false,&quot;downloadFileName&quot;:&quot;&quot;,&quot;isUpIcon&quot;:false,&quot;upIcon&quot;:{&quot;id&quot;:null,&quot;url&quot;:&quot;&quot;,&quot;alt&quot;:&quot;&quot;,&quot;title&quot;:&quot;&quot;},&quot;iconPos&quot;:&quot;left&quot;,&quot;type&quot;:&quot;flat&quot;,&quot;isFullWidth&quot;:false,&quot;size&quot;:&quot;medium&quot;,&quot;popup&quot;:{&quot;type&quot;:&quot;image&quot;,&quot;content&quot;:&quot;&quot;,&quot;caption&quot;:&quot;&quot;,&quot;width&quot;:&quot;&quot;},&quot;animationType&quot;:&quot;&quot;,&quot;animationDuration&quot;:0.40000000000000002220446049250313080847263336181640625,&quot;addID&quot;:&quot;&quot;,&quot;addCSS&quot;:&quot;&quot;,&quot;typography&quot;:{&quot;fontSize&quot;:{&quot;desktop&quot;:&quot;16px&quot;},&quot;fontWeight&quot;:600,&quot;textDecoration&quot;:&quot;none&quot;},&quot;padding&quot;:{&quot;vertical&quot;:&quot;12px&quot;,&quot;horizontal&quot;:&quot;24px&quot;},&quot;border&quot;:{&quot;radius&quot;:&quot;5px&quot;},&quot;shadow&quot;:[]}'\n\tdata-info='{&quot;userRoles&quot;:[],&quot;loginURL&quot;:&quot;https:\\\/\\\/www.gvs.com.br\\\/safety\\\/wp-login.php&quot;}'\n><\/div>\n\n\n<div class=\"wp-block-uagb-separator uagb-block-c91c090a\"><div class=\"uagb-separator-spacing-wrapper\"><div class=\"wp-block-uagb-separator__inner\" style=\"--my-background-image:\"><\/div><\/div><\/div>\n\n\n\n<div class=\"wp-block-uagb-advanced-heading uagb-block-85ba12c3\"><h3 class=\"uagb-heading-text\"><strong>Certifica\u00e7\u00f5es<\/strong><\/h3><\/div>\n\n\n\n<div class=\"wp-block-uagb-icon-list uagb-block-55d75426\"><div class=\"uagb-icon-list__wrap\">\n<div class=\"wp-block-uagb-icon-list-child uagb-block-46562452\"><a target=\"_blank\" aria-label=\"CERTIFICADO DE APROVA\u00c7\u00c3O \u2013 CA 38.397 de acordo com normas brasileiras PPR \u2013 Fundacentro, Minist\u00e9rio do Trabalho e Emprego.\" rel=\"noopener noreferrer\" href=\"https:\/\/consultaca.com\/38397\/respirador-purificador-de-ar-tipo-peca-semifacial-filtrante-para-particulas\"> <\/a><span class=\"uagb-icon-list__source-wrap\"><svg xmlns=\"https:\/\/www.w3.org\/2000\/svg\" viewBox=\"0 0 384 512\"><path d=\"M384 48V512l-192-112L0 512V48C0 21.5 21.5 0 48 0h288C362.5 0 384 21.5 384 48z\"><\/path><\/svg><\/span><span class=\"uagb-icon-list__label\">CERTIFICADO DE APROVA\u00c7\u00c3O \u2013 CA 38.397 de acordo com normas brasileiras PPR \u2013 Fundacentro, Minist\u00e9rio do Trabalho e Emprego.<\/span><\/div>\n<\/div><\/div>\n\n\n\n<div class=\"wp-block-uagb-advanced-heading uagb-block-7096b78f\"><h3 class=\"uagb-heading-text\"><strong><strong>Especifica\u00e7\u00f5es do Produto<\/strong><\/strong><\/h3><\/div>\n\n\n\n<ul class=\"wp-block-list\">\n<li><strong>C\u00f3digo:&nbsp;<\/strong>PFF3NVKD03<\/li>\n\n\n\n<li><strong>Quantidade por caixa:&nbsp;<\/strong>100<\/li>\n\n\n\n<li><strong>Dimens\u00e3o da caixa<\/strong>: 50 x 40 x 20 Peso 2,90 KG<\/li>\n<\/ul>\n\n\n\n<div class=\"wp-block-uagb-separator uagb-block-2cae3e50\"><div class=\"uagb-separator-spacing-wrapper\"><div class=\"wp-block-uagb-separator__inner\" style=\"--my-background-image:\"><\/div><\/div><\/div>\n\n\n\n<div class=\"wp-block-uagb-container uagb-block-05662d98 alignfull uagb-is-root-container\"><div class=\"uagb-container-inner-blocks-wrap\">\n<div class=\"wp-block-uagb-advanced-heading uagb-block-f8478359\"><h1 class=\"uagb-heading-text\">Em que podemos te ajudar? Entre em contato com nossa equipe para encontrarmos a melhor solu\u00e7\u00e3o para voc\u00ea.<\/h1><\/div>\n\n\n<div\n\t\tclass=\"free align wp-block-btn-button\"\tid='btnButton-2'\n\tdata-nonce='&quot;2e29cef777&quot;'\n\tdata-attributes='{&quot;cPostId&quot;:608,&quot;text&quot;:&quot;Solicite seu or\\u00e7amento!&quot;,&quot;url&quot;:&quot;https:\\\/\\\/www.gvs.com.br\\\/safety\\\/contato\\\/&quot;,&quot;icon&quot;:{&quot;class&quot;:&quot;fa-solid fa-user-tag&quot;},&quot;size&quot;:&quot;large&quot;,&quot;typography&quot;:{&quot;fontSize&quot;:20,&quot;fontWeight&quot;:600,&quot;textDecoration&quot;:&quot;none&quot;},&quot;colors&quot;:{&quot;color&quot;:&quot;var(u002du002dast-global-color-0)&quot;,&quot;bg&quot;:&quot;var(--ast-global-color-4)&quot;},&quot;hovColors&quot;:{&quot;color&quot;:&quot;var(u002du002dast-global-color-0)&quot;,&quot;bg&quot;:&quot;var(--ast-global-color-5)&quot;},&quot;padding&quot;:{&quot;vertical&quot;:&quot;14px&quot;,&quot;horizontal&quot;:&quot;30px&quot;},&quot;align&quot;:&quot;&quot;,&quot;actionType&quot;:&quot;link&quot;,&quot;security&quot;:&quot;none&quot;,&quot;securityPassword&quot;:&quot;&quot;,&quot;tooltip&quot;:&quot;&quot;,&quot;tooltipPos&quot;:&quot;top&quot;,&quot;target&quot;:&quot;_self&quot;,&quot;attrs&quot;:{&quot;rel&quot;:&quot;noreferrer&quot;,&quot;referrerpolicy&quot;:&quot;no-referrer&quot;},&quot;hideOn&quot;:{&quot;desktop&quot;:false,&quot;tablet&quot;:false,&quot;mobile&quot;:false},&quot;isDownload&quot;:false,&quot;downloadFileName&quot;:&quot;&quot;,&quot;isUpIcon&quot;:false,&quot;upIcon&quot;:{&quot;id&quot;:null,&quot;url&quot;:&quot;&quot;,&quot;alt&quot;:&quot;&quot;,&quot;title&quot;:&quot;&quot;},&quot;iconPos&quot;:&quot;left&quot;,&quot;type&quot;:&quot;flat&quot;,&quot;isFullWidth&quot;:false,&quot;popup&quot;:{&quot;type&quot;:&quot;image&quot;,&quot;content&quot;:&quot;&quot;,&quot;caption&quot;:&quot;&quot;,&quot;width&quot;:&quot;&quot;},&quot;animationType&quot;:&quot;&quot;,&quot;animationDuration&quot;:0.40000000000000002220446049250313080847263336181640625,&quot;addID&quot;:&quot;&quot;,&quot;addCSS&quot;:&quot;&quot;,&quot;alignment&quot;:&quot;center&quot;,&quot;border&quot;:{&quot;radius&quot;:&quot;5px&quot;},&quot;shadow&quot;:[]}'\n\tdata-info='{&quot;userRoles&quot;:[],&quot;loginURL&quot;:&quot;https:\\\/\\\/www.gvs.com.br\\\/safety\\\/wp-login.php&quot;}'\n><\/div><\/div><\/div>\n\n\n\n<p><\/p>\n\n\n\n<div class=\"wp-block-uagb-icon-list uagb-block-6026d681\"><div class=\"uagb-icon-list__wrap\">\n<div class=\"wp-block-uagb-icon-list-child uagb-block-704851a7\"><a target=\"_self\" aria-label=\"Voltar para Respirador Descart\u00e1vel\" rel=\"noopener noreferrer\" href=\"https:\/\/www.gvs.com.br\/safety\/produtos-respirador-descartavel\/\"> <\/a><span class=\"uagb-icon-list__source-wrap\"><svg xmlns=\"https:\/\/www.w3.org\/2000\/svg\" viewBox=\"0 0 512 512\"><path d=\"M256 0C114.6 0 0 114.6 0 256c0 141.4 114.6 256 256 256s256-114.6 256-256C512 114.6 397.4 0 256 0zM384 288H205.3l49.38 49.38c12.5 12.5 12.5 32.75 0 45.25s-32.75 12.5-45.25 0L105.4 278.6C97.4 270.7 96 260.9 96 256c0-4.883 1.391-14.66 9.398-22.65l103.1-103.1c12.5-12.5 32.75-12.5 45.25 0s12.5 32.75 0 45.25L205.3 224H384c17.69 0 32 14.33 32 32S401.7 288 384 288z\"><\/path><\/svg><\/span><span class=\"uagb-icon-list__label\">Voltar para Respirador Descart\u00e1vel<\/span><\/div>\n<\/div><\/div>\n\n\n\n<p><\/p>\n","protected":false},"excerpt":{"rendered":"<p>Respirador Descart\u00e1vel Aero 2 PFF3 com V\u00e1lvula Melhor veda\u00e7\u00e3o, em fun\u00e7\u00e3o da sua inovadora conforma\u00e7\u00e3o, obtida atrav\u00e9s de um sistema [&hellip;]<\/p>\n","protected":false},"author":2,"featured_media":0,"parent":0,"menu_order":0,"comment_status":"closed","ping_status":"closed","template":"","meta":{"_uag_custom_page_level_css":"","site-sidebar-layout":"default","site-content-layout":"","ast-site-content-layout":"","site-content-style":"default","site-sidebar-style":"default","ast-global-header-display":"","ast-banner-title-visibility":"","ast-main-header-display":"","ast-hfb-above-header-display":"","ast-hfb-below-header-display":"","ast-hfb-mobile-header-display":"","site-post-title":"disabled","ast-breadcrumbs-content":"","ast-featured-img":"","footer-sml-layout":"","ast-disable-related-posts":"","theme-transparent-header-meta":"","adv-header-id-meta":"","stick-header-meta":"","header-above-stick-meta":"","header-main-stick-meta":"","header-below-stick-meta":"","astra-migrate-meta-layouts":"default","ast-page-background-enabled":"default","ast-page-background-meta":{"desktop":{"background-color":"var(--ast-global-color-4)","background-image":"","background-repeat":"repeat","background-position":"center center","background-size":"auto","background-attachment":"scroll","background-type":"","background-media":"","overlay-type":"","overlay-color":"","overlay-opacity":"","overlay-gradient":""},"tablet":{"background-color":"","background-image":"","background-repeat":"repeat","background-position":"center center","background-size":"auto","background-attachment":"scroll","background-type":"","background-media":"","overlay-type":"","overlay-color":"","overlay-opacity":"","overlay-gradient":""},"mobile":{"background-color":"","background-image":"","background-repeat":"repeat","background-position":"center center","background-size":"auto","background-attachment":"scroll","background-type":"","background-media":"","overlay-type":"","overlay-color":"","overlay-opacity":"","overlay-gradient":""}},"ast-content-background-meta":{"desktop":{"background-color":"var(--ast-global-color-5)","background-image":"","background-repeat":"repeat","background-position":"center center","background-size":"auto","background-attachment":"scroll","background-type":"","background-media":"","overlay-type":"","overlay-color":"","overlay-opacity":"","overlay-gradient":""},"tablet":{"background-color":"var(--ast-global-color-5)","background-image":"","background-repeat":"repeat","background-position":"center center","background-size":"auto","background-attachment":"scroll","background-type":"","background-media":"","overlay-type":"","overlay-color":"","overlay-opacity":"","overlay-gradient":""},"mobile":{"background-color":"var(--ast-global-color-5)","background-image":"","background-repeat":"repeat","background-position":"center center","background-size":"auto","background-attachment":"scroll","background-type":"","background-media":"","overlay-type":"","overlay-color":"","overlay-opacity":"","overlay-gradient":""}},"footnotes":""},"class_list":["post-608","page","type-page","status-publish","hentry"],"yoast_head":"<!-- This site is optimized with the Yoast SEO plugin v27.2 - https:\/\/yoast.com\/product\/yoast-seo-wordpress\/ -->\n<title>Produtos \u2013 Respirador Descart\u00e1vel Aero 2 PFF3 com V\u00e1lvula - Safety<\/title>\n<meta name=\"robots\" content=\"index, follow, max-snippet:-1, max-image-preview:large, max-video-preview:-1\" \/>\n<link rel=\"canonical\" href=\"https:\/\/www.gvs.com.br\/safety\/produtos-respirador-descartavel-aero-2-pff3-com-valvula\/\" \/>\n<meta property=\"og:locale\" content=\"pt_BR\" \/>\n<meta property=\"og:type\" content=\"article\" \/>\n<meta property=\"og:title\" content=\"Produtos \u2013 Respirador Descart\u00e1vel Aero 2 PFF3 com V\u00e1lvula - Safety\" \/>\n<meta property=\"og:description\" content=\"Respirador Descart\u00e1vel Aero 2 PFF3 com V\u00e1lvula Melhor veda\u00e7\u00e3o, em fun\u00e7\u00e3o da sua inovadora conforma\u00e7\u00e3o, obtida atrav\u00e9s de um sistema [&hellip;]\" \/>\n<meta property=\"og:url\" content=\"https:\/\/www.gvs.com.br\/safety\/produtos-respirador-descartavel-aero-2-pff3-com-valvula\/\" \/>\n<meta property=\"og:site_name\" content=\"Safety\" \/>\n<meta property=\"article:modified_time\" content=\"2025-08-18T19:58:43+00:00\" \/>\n<meta property=\"og:image\" content=\"https:\/\/www.gvs.com.br\/safety\/wp-content\/uploads\/2025\/02\/mascara-descartavel-aero-2-pff2-com-valvula.png\" \/>\n<meta name=\"twitter:card\" content=\"summary_large_image\" \/>\n<meta name=\"twitter:label1\" content=\"Est. tempo de leitura\" \/>\n\t<meta name=\"twitter:data1\" content=\"3 minutos\" \/>\n<script type=\"application\/ld+json\" class=\"yoast-schema-graph\">{\"@context\":\"https:\/\/schema.org\",\"@graph\":[{\"@type\":\"WebPage\",\"@id\":\"https:\/\/www.gvs.com.br\/safety\/produtos-respirador-descartavel-aero-2-pff3-com-valvula\/\",\"url\":\"https:\/\/www.gvs.com.br\/safety\/produtos-respirador-descartavel-aero-2-pff3-com-valvula\/\",\"name\":\"Produtos \u2013 Respirador Descart\u00e1vel Aero 2 PFF3 com V\u00e1lvula - Safety\",\"isPartOf\":{\"@id\":\"https:\/\/www.gvs.com.br\/safety\/#website\"},\"primaryImageOfPage\":{\"@id\":\"https:\/\/www.gvs.com.br\/safety\/produtos-respirador-descartavel-aero-2-pff3-com-valvula\/#primaryimage\"},\"image\":{\"@id\":\"https:\/\/www.gvs.com.br\/safety\/produtos-respirador-descartavel-aero-2-pff3-com-valvula\/#primaryimage\"},\"thumbnailUrl\":\"https:\/\/www.gvs.com.br\/safety\/wp-content\/uploads\/2025\/02\/mascara-descartavel-aero-2-pff2-com-valvula.png\",\"datePublished\":\"2025-02-13T16:24:53+00:00\",\"dateModified\":\"2025-08-18T19:58:43+00:00\",\"breadcrumb\":{\"@id\":\"https:\/\/www.gvs.com.br\/safety\/produtos-respirador-descartavel-aero-2-pff3-com-valvula\/#breadcrumb\"},\"inLanguage\":\"pt-BR\",\"potentialAction\":[{\"@type\":\"ReadAction\",\"target\":[\"https:\/\/www.gvs.com.br\/safety\/produtos-respirador-descartavel-aero-2-pff3-com-valvula\/\"]}]},{\"@type\":\"ImageObject\",\"inLanguage\":\"pt-BR\",\"@id\":\"https:\/\/www.gvs.com.br\/safety\/produtos-respirador-descartavel-aero-2-pff3-com-valvula\/#primaryimage\",\"url\":\"https:\/\/www.gvs.com.br\/safety\/wp-content\/uploads\/2025\/02\/mascara-descartavel-aero-2-pff2-com-valvula.png\",\"contentUrl\":\"https:\/\/www.gvs.com.br\/safety\/wp-content\/uploads\/2025\/02\/mascara-descartavel-aero-2-pff2-com-valvula.png\",\"width\":900,\"height\":900,\"caption\":\"Respirador Descart\u00e1vel Aero 2 PFF3 com V\u00e1lvula\"},{\"@type\":\"BreadcrumbList\",\"@id\":\"https:\/\/www.gvs.com.br\/safety\/produtos-respirador-descartavel-aero-2-pff3-com-valvula\/#breadcrumb\",\"itemListElement\":[{\"@type\":\"ListItem\",\"position\":1,\"name\":\"In\u00edcio\",\"item\":\"https:\/\/www.gvs.com.br\/safety\/\"},{\"@type\":\"ListItem\",\"position\":2,\"name\":\"Produtos \u2013 Respirador Descart\u00e1vel Aero 2 PFF3 com V\u00e1lvula\"}]},{\"@type\":\"WebSite\",\"@id\":\"https:\/\/www.gvs.com.br\/safety\/#website\",\"url\":\"https:\/\/www.gvs.com.br\/safety\/\",\"name\":\"Safety\",\"description\":\"\",\"publisher\":{\"@id\":\"https:\/\/www.gvs.com.br\/safety\/#organization\"},\"potentialAction\":[{\"@type\":\"SearchAction\",\"target\":{\"@type\":\"EntryPoint\",\"urlTemplate\":\"https:\/\/www.gvs.com.br\/safety\/?s={search_term_string}\"},\"query-input\":{\"@type\":\"PropertyValueSpecification\",\"valueRequired\":true,\"valueName\":\"search_term_string\"}}],\"inLanguage\":\"pt-BR\"},{\"@type\":\"Organization\",\"@id\":\"https:\/\/www.gvs.com.br\/safety\/#organization\",\"name\":\"Safety\",\"url\":\"https:\/\/www.gvs.com.br\/safety\/\",\"logo\":{\"@type\":\"ImageObject\",\"inLanguage\":\"pt-BR\",\"@id\":\"https:\/\/www.gvs.com.br\/safety\/#\/schema\/logo\/image\/\",\"url\":\"https:\/\/www.gvs.com.br\/safety\/wp-content\/uploads\/2024\/12\/Logo-GVS-Safety.png\",\"contentUrl\":\"https:\/\/www.gvs.com.br\/safety\/wp-content\/uploads\/2024\/12\/Logo-GVS-Safety.png\",\"width\":1920,\"height\":1080,\"caption\":\"Safety\"},\"image\":{\"@id\":\"https:\/\/www.gvs.com.br\/safety\/#\/schema\/logo\/image\/\"}}]}<\/script>\n<!-- \/ Yoast SEO plugin. -->","yoast_head_json":{"title":"Produtos \u2013 Respirador Descart\u00e1vel Aero 2 PFF3 com V\u00e1lvula - Safety","robots":{"index":"index","follow":"follow","max-snippet":"max-snippet:-1","max-image-preview":"max-image-preview:large","max-video-preview":"max-video-preview:-1"},"canonical":"https:\/\/www.gvs.com.br\/safety\/produtos-respirador-descartavel-aero-2-pff3-com-valvula\/","og_locale":"pt_BR","og_type":"article","og_title":"Produtos \u2013 Respirador Descart\u00e1vel Aero 2 PFF3 com V\u00e1lvula - Safety","og_description":"Respirador Descart\u00e1vel Aero 2 PFF3 com V\u00e1lvula Melhor veda\u00e7\u00e3o, em fun\u00e7\u00e3o da sua inovadora conforma\u00e7\u00e3o, obtida atrav\u00e9s de um sistema [&hellip;]","og_url":"https:\/\/www.gvs.com.br\/safety\/produtos-respirador-descartavel-aero-2-pff3-com-valvula\/","og_site_name":"Safety","article_modified_time":"2025-08-18T19:58:43+00:00","og_image":[{"url":"https:\/\/www.gvs.com.br\/safety\/wp-content\/uploads\/2025\/02\/mascara-descartavel-aero-2-pff2-com-valvula.png","type":"","width":"","height":""}],"twitter_card":"summary_large_image","twitter_misc":{"Est. tempo de leitura":"3 minutos"},"schema":{"@context":"https:\/\/schema.org","@graph":[{"@type":"WebPage","@id":"https:\/\/www.gvs.com.br\/safety\/produtos-respirador-descartavel-aero-2-pff3-com-valvula\/","url":"https:\/\/www.gvs.com.br\/safety\/produtos-respirador-descartavel-aero-2-pff3-com-valvula\/","name":"Produtos \u2013 Respirador Descart\u00e1vel Aero 2 PFF3 com V\u00e1lvula - Safety","isPartOf":{"@id":"https:\/\/www.gvs.com.br\/safety\/#website"},"primaryImageOfPage":{"@id":"https:\/\/www.gvs.com.br\/safety\/produtos-respirador-descartavel-aero-2-pff3-com-valvula\/#primaryimage"},"image":{"@id":"https:\/\/www.gvs.com.br\/safety\/produtos-respirador-descartavel-aero-2-pff3-com-valvula\/#primaryimage"},"thumbnailUrl":"https:\/\/www.gvs.com.br\/safety\/wp-content\/uploads\/2025\/02\/mascara-descartavel-aero-2-pff2-com-valvula.png","datePublished":"2025-02-13T16:24:53+00:00","dateModified":"2025-08-18T19:58:43+00:00","breadcrumb":{"@id":"https:\/\/www.gvs.com.br\/safety\/produtos-respirador-descartavel-aero-2-pff3-com-valvula\/#breadcrumb"},"inLanguage":"pt-BR","potentialAction":[{"@type":"ReadAction","target":["https:\/\/www.gvs.com.br\/safety\/produtos-respirador-descartavel-aero-2-pff3-com-valvula\/"]}]},{"@type":"ImageObject","inLanguage":"pt-BR","@id":"https:\/\/www.gvs.com.br\/safety\/produtos-respirador-descartavel-aero-2-pff3-com-valvula\/#primaryimage","url":"https:\/\/www.gvs.com.br\/safety\/wp-content\/uploads\/2025\/02\/mascara-descartavel-aero-2-pff2-com-valvula.png","contentUrl":"https:\/\/www.gvs.com.br\/safety\/wp-content\/uploads\/2025\/02\/mascara-descartavel-aero-2-pff2-com-valvula.png","width":900,"height":900,"caption":"Respirador Descart\u00e1vel Aero 2 PFF3 com V\u00e1lvula"},{"@type":"BreadcrumbList","@id":"https:\/\/www.gvs.com.br\/safety\/produtos-respirador-descartavel-aero-2-pff3-com-valvula\/#breadcrumb","itemListElement":[{"@type":"ListItem","position":1,"name":"In\u00edcio","item":"https:\/\/www.gvs.com.br\/safety\/"},{"@type":"ListItem","position":2,"name":"Produtos \u2013 Respirador Descart\u00e1vel Aero 2 PFF3 com V\u00e1lvula"}]},{"@type":"WebSite","@id":"https:\/\/www.gvs.com.br\/safety\/#website","url":"https:\/\/www.gvs.com.br\/safety\/","name":"Safety","description":"","publisher":{"@id":"https:\/\/www.gvs.com.br\/safety\/#organization"},"potentialAction":[{"@type":"SearchAction","target":{"@type":"EntryPoint","urlTemplate":"https:\/\/www.gvs.com.br\/safety\/?s={search_term_string}"},"query-input":{"@type":"PropertyValueSpecification","valueRequired":true,"valueName":"search_term_string"}}],"inLanguage":"pt-BR"},{"@type":"Organization","@id":"https:\/\/www.gvs.com.br\/safety\/#organization","name":"Safety","url":"https:\/\/www.gvs.com.br\/safety\/","logo":{"@type":"ImageObject","inLanguage":"pt-BR","@id":"https:\/\/www.gvs.com.br\/safety\/#\/schema\/logo\/image\/","url":"https:\/\/www.gvs.com.br\/safety\/wp-content\/uploads\/2024\/12\/Logo-GVS-Safety.png","contentUrl":"https:\/\/www.gvs.com.br\/safety\/wp-content\/uploads\/2024\/12\/Logo-GVS-Safety.png","width":1920,"height":1080,"caption":"Safety"},"image":{"@id":"https:\/\/www.gvs.com.br\/safety\/#\/schema\/logo\/image\/"}}]}},"uagb_featured_image_src":{"full":false,"thumbnail":false,"medium":false,"medium_large":false,"large":false,"1536x1536":false,"2048x2048":false},"uagb_author_info":{"display_name":"admin-gvs","author_link":"https:\/\/www.gvs.com.br\/safety\/author\/admin-gvs\/"},"uagb_comment_info":0,"uagb_excerpt":"Respirador Descart\u00e1vel Aero 2 PFF3 com V\u00e1lvula Melhor veda\u00e7\u00e3o, em fun\u00e7\u00e3o da sua inovadora conforma\u00e7\u00e3o, obtida atrav\u00e9s de um sistema [&hellip;]","_links":{"self":[{"href":"https:\/\/www.gvs.com.br\/safety\/wp-json\/wp\/v2\/pages\/608","targetHints":{"allow":["GET"]}}],"collection":[{"href":"https:\/\/www.gvs.com.br\/safety\/wp-json\/wp\/v2\/pages"}],"about":[{"href":"https:\/\/www.gvs.com.br\/safety\/wp-json\/wp\/v2\/types\/page"}],"author":[{"embeddable":true,"href":"https:\/\/www.gvs.com.br\/safety\/wp-json\/wp\/v2\/users\/2"}],"replies":[{"embeddable":true,"href":"https:\/\/www.gvs.com.br\/safety\/wp-json\/wp\/v2\/comments?post=608"}],"version-history":[{"count":8,"href":"https:\/\/www.gvs.com.br\/safety\/wp-json\/wp\/v2\/pages\/608\/revisions"}],"predecessor-version":[{"id":2724,"href":"https:\/\/www.gvs.com.br\/safety\/wp-json\/wp\/v2\/pages\/608\/revisions\/2724"}],"wp:attachment":[{"href":"https:\/\/www.gvs.com.br\/safety\/wp-json\/wp\/v2\/media?parent=608"}],"curies":[{"name":"wp","href":"https:\/\/api.w.org\/{rel}","templated":true}]}}