{"id":1934,"date":"2025-05-20T17:50:38","date_gmt":"2025-05-20T17:50:38","guid":{"rendered":"https:\/\/prihdesigner.com.br\/Health-Safety\/?page_id=1934"},"modified":"2025-08-18T19:29:11","modified_gmt":"2025-08-18T19:29:11","slug":"produtos-ajuste-apertado-respirador-elipse-full-face-com-filtro-p3-antiodor","status":"publish","type":"page","link":"https:\/\/www.gvs.com.br\/safety\/produtos-ajuste-apertado-respirador-elipse-full-face-com-filtro-p3-antiodor\/","title":{"rendered":"Produtos \u2013 Ajuste Apertado \u2013 Respirador Elipse\u00ae Full Face com Filtro P3 Antiodor"},"content":{"rendered":"\n<div class=\"wp-block-uagb-container uagb-block-149c229c alignfull uagb-is-root-container\"><div class=\"uagb-container-inner-blocks-wrap\">\n<div class=\"wp-block-uagb-container uagb-block-c54a8d82\">\n<div class=\"wp-block-uagb-advanced-heading uagb-block-b107e86b\"><h1 class=\"uagb-heading-text\"><strong><strong><strong><strong>Respirador Elipse\u00ae Full Face com Filtros P3 Antiodor<br>com filtros de reposi\u00e7\u00e3o<\/strong><\/strong><\/strong><\/strong><\/h1><\/div>\n<\/div>\n\n\n\n<div class=\"wp-block-uagb-container uagb-block-681a001d\">\n<div class=\"wp-block-uagb-image uagb-block-c801b5ae wp-block-uagb-image--layout-default wp-block-uagb-image--effect-static wp-block-uagb-image--align-none\"><figure class=\"wp-block-uagb-image__figure\"><img decoding=\"async\"  sizes=\"auto, (max-width: 480px) 150px\" src=\"https:\/\/www.gvs.com.br\/safety\/wp-content\/uploads\/2025\/05\/Full-Face-com-Filtros-P3-Antiodor.png\" alt=\"\" width=\"900\" height=\"900\" title=\"Full Face com Filtros P3 Antiodor\" loading=\"lazy\" role=\"img\"\/><\/figure><\/div>\n<\/div>\n<\/div><\/div>\n\n\n\n<div class=\"wp-block-uagb-container uagb-block-3dfe1a5b alignfull uagb-is-root-container\"><div class=\"uagb-container-inner-blocks-wrap\">\n<div class=\"wp-block-uagb-container uagb-layout-flex uagb-block-a23fca3c\">\n<p class=\"has-text-align-justify has-text-align-justify\">O Respirador Elipse\u00ae Full Face com Filtros P3 Antiodor foi projetado para profissionais que exigem prote\u00e7\u00e3o e conforto de alto n\u00edvel em ambientes desafiadores. Ele foi projetado para ser compat\u00edvel com a maioria dos capacetes de seguran\u00e7a. Sua viseira \u00e9 feita de policarbonato dur\u00e1vel, sobremoldada com uma arma\u00e7\u00e3o de silicone, proporcionando clareza e prote\u00e7\u00e3o excepcionais, mantendo a leveza.<\/p>\n\n\n\n<p class=\"has-text-align-justify has-text-align-justify\">O diferencial deste respirador \u00e9 seu novo design de perfil baixo, que n\u00e3o s\u00f3 aumenta o conforto do usu\u00e1rio, mas tamb\u00e9m permite um excelente campo de vis\u00e3o, crucial em tarefas de alto risco. Essa visibilidade aprimorada garante maior seguran\u00e7a e conforto, reduzindo a necessidade de ajustes ou reposicionamentos constantes durante o uso.<\/p>\n\n\n\n<p class=\"has-text-align-justify has-text-align-justify\"><strong>Dispon\u00edvel em tamanho \u00fanico:<br><\/strong>FFM2244 Respirador Elipse\u00ae Full Face com Filtros P3 Antiodor.<br>SPR336 Par de Filtros P3 Antiodor.<\/p>\n<\/div>\n\n\n\n<div class=\"wp-block-uagb-container uagb-block-d3a46379\">\t\t\t\t\t<div\n\t\t\t\t\t\tclass=\"wp-block-uagb-image-gallery uagb-block-2e9cf2fc     \"\n\t\t\t\t\t\tstyle=\"\"\n\t\t\t\t\t>\n\t\t\t\t\t\t\t\t\t\t\t<div class=\"spectra-image-gallery spectra-image-gallery__layout--carousel\">\n\t\t\t\t\t\t\t\t<div class=\"uagb-slick-carousel uagb-block-2e9cf2fc\">\n\t\t\t\t\t\t\t\t\t\t\t\t<div class='spectra-image-gallery__media-wrapper' data-spectra-gallery-image-id='1930'>\n\t\t\t\t\t\t\t<div class=\"spectra-image-gallery__media spectra-image-gallery__media--carousel\">\n\t\t\t\t<picture>\n\t\t\t\t\t<source media=\"(min-width: 1024px)\" srcset=\"https:\/\/www.gvs.com.br\/safety\/wp-content\/uploads\/2025\/05\/Full-Face-Mask-com-Filtros-P3.png\">\n\t\t\t\t\t<source media=\"(min-width: 768px)\" srcset=\"https:\/\/www.gvs.com.br\/safety\/wp-content\/uploads\/2025\/05\/Full-Face-Mask-com-Filtros-P3-1024x839.png\">\n\t\t\t\t\t<img decoding=\"async\" class=\"spectra-image-gallery__media-thumbnail spectra-image-gallery__media-thumbnail--carousel\" src=\"https:\/\/www.gvs.com.br\/safety\/wp-content\/uploads\/2025\/05\/Full-Face-Mask-com-Filtros-P3-300x246.png\" alt=\"\" loading=\"lazy\" \/>\n\t\t\t\t<\/picture>\n\t\t\t\t<div class=\"spectra-image-gallery__media-thumbnail-blurrer\"><\/div>\n\t\t\t\t\t\t\t\t\t\t\t<div class=\"spectra-image-gallery__media-thumbnail-caption-wrapper spectra-image-gallery__media-thumbnail-caption-wrapper--overlay\">\n\t\t\t\t\t\t\t\t\t\t\t<div class=\"spectra-image-gallery__media-thumbnail-caption spectra-image-gallery__media-thumbnail-caption--overlay\">\n\t\t\t\t\tFull Face com Filtros P3 Antiodor\t\t\t\t<\/div>\n\t\t\t\t\t\t\t\t\t\t<\/div>\n\t\t\t\t\t\t\t\t\t<\/div>\n\t\t\t\t\t\t<\/div>\n\t\t\t\t\t\t<div class='spectra-image-gallery__media-wrapper' data-spectra-gallery-image-id='1922'>\n\t\t\t\t\t\t\t<div class=\"spectra-image-gallery__media spectra-image-gallery__media--carousel\">\n\t\t\t\t<picture>\n\t\t\t\t\t<source media=\"(min-width: 1024px)\" srcset=\"https:\/\/www.gvs.com.br\/safety\/wp-content\/uploads\/2025\/05\/Full-Face-com-Filtros-P3-Antiodor.png\">\n\t\t\t\t\t<source media=\"(min-width: 768px)\" srcset=\"https:\/\/www.gvs.com.br\/safety\/wp-content\/uploads\/2025\/05\/Full-Face-com-Filtros-P3-Antiodor.png\">\n\t\t\t\t\t<img decoding=\"async\" class=\"spectra-image-gallery__media-thumbnail spectra-image-gallery__media-thumbnail--carousel\" src=\"https:\/\/www.gvs.com.br\/safety\/wp-content\/uploads\/2025\/05\/Full-Face-com-Filtros-P3-Antiodor-300x300.png\" alt=\"\" loading=\"lazy\" \/>\n\t\t\t\t<\/picture>\n\t\t\t\t<div class=\"spectra-image-gallery__media-thumbnail-blurrer\"><\/div>\n\t\t\t\t\t\t\t\t\t\t\t<div class=\"spectra-image-gallery__media-thumbnail-caption-wrapper spectra-image-gallery__media-thumbnail-caption-wrapper--overlay\">\n\t\t\t\t\t\t\t\t\t\t\t<div class=\"spectra-image-gallery__media-thumbnail-caption spectra-image-gallery__media-thumbnail-caption--overlay\">\n\t\t\t\t\tFull Face com Filtros P3 Antiodor\t\t\t\t<\/div>\n\t\t\t\t\t\t\t\t\t\t<\/div>\n\t\t\t\t\t\t\t\t\t<\/div>\n\t\t\t\t\t\t<\/div>\n\t\t\t\t\t\t\t\t\t\t\t<\/div>\n\t\t\t\t\t\t\t<\/div>\n\t\t\t\t\t\t\t\t\t\t\t<\/div>\n\t\t\t\t\t\t\t\t\t\t\t<div class='spectra-image-gallery__control-lightbox' tabindex='0'>\n\t\t\t\t\t\t\t\t\t\t\t<div class=\"swiper spectra-image-gallery__control-lightbox--main\" dir=\"\">\n\t\t\t\t\t<div class=\"swiper-wrapper\">\n\t\t\t\t\t\t\t\t\t\t\t\t\t\n\t\t\t\t\t\t\t<div class=\"swiper-slide\">\n\t\t\t\t\t\t\t\t<img class=\"swiper-lazy\" data-src=\"https:\/\/www.gvs.com.br\/safety\/wp-content\/uploads\/2025\/05\/Full-Face-Mask-com-Filtros-P3.png\" alt=\"\"\/>\n\t\t\t\t\t\t\t\t<div class=\"swiper-lazy-preloader swiper-lazy-preloader-white\"><\/div>\n\t\t\t\t\t\t\t\t\t\t\t\t\t\t\t<\/div>\n\t\t\t\t\t\t\t\t\t\t\t\t\t\n\t\t\t\t\t\t\t<div class=\"swiper-slide\">\n\t\t\t\t\t\t\t\t<img class=\"swiper-lazy\" data-src=\"https:\/\/www.gvs.com.br\/safety\/wp-content\/uploads\/2025\/05\/Full-Face-com-Filtros-P3-Antiodor.png\" alt=\"\"\/>\n\t\t\t\t\t\t\t\t<div class=\"swiper-lazy-preloader swiper-lazy-preloader-white\"><\/div>\n\t\t\t\t\t\t\t\t\t\t\t\t\t\t\t<\/div>\n\t\t\t\t\t\t\t\t\t\t\t<\/div>\n\t\t\t\t\t<div class=\"swiper-button-next\"><\/div>\n\t\t\t\t\t<div class=\"swiper-button-prev\"><\/div>\n\t\t\t\t<\/div>\t\t\t\n\t\t\t\t\t\t\t\t\t\t\t\t\t\t\t\t\t\t\t\t\t\t\t\t\t\t\t\t\t\t\t\t<button class='spectra-image-gallery__control-lightbox--close' aria-label=\"Close\">\n\t\t\t\t\t\t\t\t\t\t\t\t\t<svg xmlns=\"https:\/\/www.w3.org\/2000\/svg\" viewBox= \"0 0 320 512\"><path d=\"M310.6 361.4c12.5 12.5 12.5 32.75 0 45.25C304.4 412.9 296.2 416 288 416s-16.38-3.125-22.62-9.375L160 301.3L54.63 406.6C48.38 412.9 40.19 416 32 416S15.63 412.9 9.375 406.6c-12.5-12.5-12.5-32.75 0-45.25l105.4-105.4L9.375 150.6c-12.5-12.5-12.5-32.75 0-45.25s32.75-12.5 45.25 0L160 210.8l105.4-105.4c12.5-12.5 32.75-12.5 45.25 0s12.5 32.75 0 45.25l-105.4 105.4L310.6 361.4z\"><\/path><\/svg>\n\t\t\t\t\t\t\t\t\t\t\t\t<\/button>\n\t\t\t\t\t\t\t\t\t\t\t\t\t<\/div>\n\t\t\t\t\t\t\t\t\t<\/div>\n<\/div><\/div>\n\n\n\n<div class=\"wp-block-uagb-separator uagb-block-bc8dfc32\"><div class=\"uagb-separator-spacing-wrapper\"><div class=\"wp-block-uagb-separator__inner\" style=\"--my-background-image:\"><\/div><\/div><\/div>\n\n\n\n<p class=\"has-text-align-justify has-text-align-justify\"><strong>Aplica\u00e7\u00e3o: <\/strong>Soldagem e Retifica\u00e7\u00e3o, Constru\u00e7\u00e3o, Manufatura, Minera\u00e7\u00e3o, Ind\u00fastria Aliment\u00edcia, Farmac\u00eautica.<\/p>\n\n\n\n<div class=\"wp-block-uagb-tabs uagb-block-5b8a186a uagb-tabs__wrap uagb-tabs__hstyle1-desktop uagb-tabs__vstyle6-tablet uagb-tabs__stack1-mobile\" data-tab-active=\"0\"><ul class=\"uagb-tabs__panel uagb-tabs__align-left\" role=\"tablist\"><li class=\"uagb-tab uagb-tabs__active\" role=\"none\"><a href=\"#uagb-tabs__tab0\" class=\"uagb-tabs-list uagb-tabs__icon-position-left\" data-tab=\"0\" role=\"tab\"><div>Propriedades<\/div><\/a><\/li><li class=\"uagb-tab \" role=\"none\"><a href=\"#uagb-tabs__tab1\" class=\"uagb-tabs-list uagb-tabs__icon-position-left\" data-tab=\"1\" role=\"tab\"><div>Caracter\u00edsticas<\/div><\/a><\/li><\/ul><div class=\"uagb-tabs__body-wrap\">\n<div class=\"wp-block-uagb-tabs-child uagb-tabs__body-container uagb-inner-tab-0\" aria-labelledby=\"uagb-tabs__tab0\">\n<ul class=\"wp-block-list\">\n<li>Projetado para ser compat\u00edvel com a maioria dos capacetes de seguran\u00e7a.<\/li>\n\n\n\n<li>Campo de vis\u00e3o ampliado: os filtros t\u00eam perfil mais baixo.<\/li>\n\n\n\n<li>Para uso com cartuchos de filtro de baixo perfil Elipse\u00ae, novos e existentes, para part\u00edculas e combinados.<\/li>\n\n\n\n<li>Leve, apenas 350 gramas.<\/li>\n\n\n\n<li>Baixa manuten\u00e7\u00e3o, sem necessidade de ferramentas para desmontagem e limpeza.<\/li>\n\n\n\n<li>Ajuste confort\u00e1vel: a veda\u00e7\u00e3o facial \u00e9 feita de silicone macio para maior conforto, durabilidade e seguran\u00e7a.<\/li>\n\n\n\n<li>Com Filtro de Ar para Part\u00edculas Sint\u00e9ticas de Alta Efici\u00eancia (HESPA) utilizando Tecnologia de Filtra\u00e7\u00e3o Mec\u00e2nica.<\/li>\n\n\n\n<li>Oferece efici\u00eancia m\u00ednima de 99,95% ou superior com part\u00edculas de 0,3 m\u00edcron.<\/li>\n\n\n\n<li>Nossos filtros P3 Antiodor s\u00e3o recomendados para poeiras e vapores que contenham subst\u00e2ncias como micro-organismos, m\u00e1rmore, gesso, \u00f3xido de tit\u00e2nio, pedra-sab\u00e3o, l\u00e3 de rocha, madeira, detergentes, fibras t\u00eaxteis, especiarias, sal, ra\u00e7\u00e3o animal, etc.<\/li>\n\n\n\n<li>Tamb\u00e9m eficazes para pequenas concentra\u00e7\u00f5es de vapores\/odores.<\/li>\n\n\n\n<li>Protege contra poeiras que podem causar doen\u00e7as pulmonares.<\/li>\n\n\n\n<li>Em particular, protege contra poeiras de carv\u00e3o, s\u00edlica, algod\u00e3o, min\u00e9rio de ferro, grafite, caulim, zinco e alum\u00ednio.<\/li>\n\n\n\n<li>Protege contra poeiras nocivas, como amianto, bauxita, carv\u00e3o, s\u00edlica, ferro, e contra poeiras t\u00f3xicas, como mangan\u00eas, chumbo e cromo.<\/li>\n<\/ul>\n<\/div>\n\n\n\n<div class=\"wp-block-uagb-tabs-child uagb-tabs__body-container uagb-inner-tab-1\" aria-labelledby=\"uagb-tabs__tab1\">\n<ul class=\"wp-block-list\">\n<li>Efici\u00eancia P3 &gt;99,95% para part\u00edculas de 0,3 \u03bc.<\/li>\n\n\n\n<li>Materiais: Corpo interno da m\u00e1scara em TPE de grau m\u00e9dico. Viseira em policarbonato sobremoldado com arma\u00e7\u00e3o de silicone. Faixa de cabe\u00e7a em silicone. Capas em PE. Corpo da v\u00e1lvula em nylon com diafragmas de silicone.<\/li>\n\n\n\n<li>Filtros: Filtros em material sint\u00e9tico HESPA multicamadas do tipo mec\u00e2nico com TPE flex\u00edvel sobremoldado\/encapsulado. Meio adicional impregnado com carv\u00e3o ativado colado.<\/li>\n\n\n\n<li>Validade de armazenamento: 5 anos para m\u00e1scaras e filtros.<\/li>\n<\/ul>\n<\/div>\n<\/div><\/div>\n\n\n\n<p><\/p>\n\n\n\n<div class=\"wp-block-uagb-advanced-heading uagb-block-2d35e833\"><h3 class=\"uagb-heading-text\"><strong>Certifica\u00e7\u00f5es<\/strong><\/h3><\/div>\n\n\n\n<div class=\"wp-block-uagb-icon-list uagb-block-07f71532\"><div class=\"uagb-icon-list__wrap\">\n<div class=\"wp-block-uagb-icon-list-child uagb-block-c6135a2a\"><a target=\"_blank\" aria-label=\"Certifica\u00e7\u00e3o 51.643\" rel=\"noopener noreferrer\" href=\"https:\/\/www.gvs.com.br\/safety\/wp-content\/uploads\/2025\/05\/CA-51643.pdf\"> <\/a><span class=\"uagb-icon-list__source-wrap\"><svg xmlns=\"https:\/\/www.w3.org\/2000\/svg\" viewBox=\"0 0 384 512\"><path d=\"M384 48V512l-192-112L0 512V48C0 21.5 21.5 0 48 0h288C362.5 0 384 21.5 384 48z\"><\/path><\/svg><\/span><span class=\"uagb-icon-list__label\">Certifica\u00e7\u00e3o 51.643<\/span><\/div>\n<\/div><\/div>\n\n\n\n<div class=\"wp-block-uagb-separator uagb-block-c91c090a\"><div class=\"uagb-separator-spacing-wrapper\"><div class=\"wp-block-uagb-separator__inner\" style=\"--my-background-image:\"><\/div><\/div><\/div>\n\n\n\n<div class=\"wp-block-uagb-container uagb-block-05662d98 alignfull uagb-is-root-container\"><div class=\"uagb-container-inner-blocks-wrap\">\n<div class=\"wp-block-uagb-advanced-heading uagb-block-f8478359\"><h1 class=\"uagb-heading-text\">Em que podemos te ajudar? Entre em contato com nossa equipe para encontrarmos a melhor solu\u00e7\u00e3o para voc\u00ea.<\/h1><\/div>\n\n\n<div\n\t\tclass=\"free align wp-block-btn-button\"\tid='btnButton-1'\n\tdata-nonce='&quot;2e29cef777&quot;'\n\tdata-attributes='{&quot;cPostId&quot;:1934,&quot;text&quot;:&quot;Solicite seu or\\u00e7amento!&quot;,&quot;url&quot;:&quot;https:\\\/\\\/www.gvs.com.br\\\/safety\\\/contato\\\/&quot;,&quot;icon&quot;:{&quot;class&quot;:&quot;fa-solid fa-user-tag&quot;},&quot;size&quot;:&quot;large&quot;,&quot;typography&quot;:{&quot;fontSize&quot;:20,&quot;fontWeight&quot;:600,&quot;textDecoration&quot;:&quot;none&quot;},&quot;colors&quot;:{&quot;color&quot;:&quot;var(u002du002dast-global-color-0)&quot;,&quot;bg&quot;:&quot;var(--ast-global-color-4)&quot;},&quot;hovColors&quot;:{&quot;color&quot;:&quot;var(u002du002dast-global-color-0)&quot;,&quot;bg&quot;:&quot;var(--ast-global-color-5)&quot;},&quot;padding&quot;:{&quot;vertical&quot;:&quot;14px&quot;,&quot;horizontal&quot;:&quot;30px&quot;},&quot;align&quot;:&quot;&quot;,&quot;actionType&quot;:&quot;link&quot;,&quot;security&quot;:&quot;none&quot;,&quot;securityPassword&quot;:&quot;&quot;,&quot;tooltip&quot;:&quot;&quot;,&quot;tooltipPos&quot;:&quot;top&quot;,&quot;target&quot;:&quot;_self&quot;,&quot;attrs&quot;:{&quot;rel&quot;:&quot;noreferrer&quot;,&quot;referrerpolicy&quot;:&quot;no-referrer&quot;},&quot;hideOn&quot;:{&quot;desktop&quot;:false,&quot;tablet&quot;:false,&quot;mobile&quot;:false},&quot;isDownload&quot;:false,&quot;downloadFileName&quot;:&quot;&quot;,&quot;isUpIcon&quot;:false,&quot;upIcon&quot;:{&quot;id&quot;:null,&quot;url&quot;:&quot;&quot;,&quot;alt&quot;:&quot;&quot;,&quot;title&quot;:&quot;&quot;},&quot;iconPos&quot;:&quot;left&quot;,&quot;type&quot;:&quot;flat&quot;,&quot;isFullWidth&quot;:false,&quot;popup&quot;:{&quot;type&quot;:&quot;image&quot;,&quot;content&quot;:&quot;&quot;,&quot;caption&quot;:&quot;&quot;,&quot;width&quot;:&quot;&quot;},&quot;animationType&quot;:&quot;&quot;,&quot;animationDuration&quot;:0.40000000000000002220446049250313080847263336181640625,&quot;addID&quot;:&quot;&quot;,&quot;addCSS&quot;:&quot;&quot;,&quot;alignment&quot;:&quot;center&quot;,&quot;border&quot;:{&quot;radius&quot;:&quot;5px&quot;},&quot;shadow&quot;:[]}'\n\tdata-info='{&quot;userRoles&quot;:[],&quot;loginURL&quot;:&quot;https:\\\/\\\/www.gvs.com.br\\\/safety\\\/wp-login.php&quot;}'\n><\/div><\/div><\/div>\n\n\n\n<p><\/p>\n\n\n\n<div class=\"wp-block-uagb-icon-list uagb-block-6026d681\"><div class=\"uagb-icon-list__wrap\">\n<div class=\"wp-block-uagb-icon-list-child uagb-block-704851a7\"><a target=\"_self\" aria-label=\"Voltar para Respirador Elipse\u00ae Full Face\u00ae\" rel=\"noopener noreferrer\" href=\"https:\/\/www.gvs.com.br\/safety\/produtos-ajuste-apertado-respirador-elipse-full-face\/\"> <\/a><span class=\"uagb-icon-list__source-wrap\"><svg xmlns=\"https:\/\/www.w3.org\/2000\/svg\" viewBox=\"0 0 512 512\"><path d=\"M256 0C114.6 0 0 114.6 0 256c0 141.4 114.6 256 256 256s256-114.6 256-256C512 114.6 397.4 0 256 0zM384 288H205.3l49.38 49.38c12.5 12.5 12.5 32.75 0 45.25s-32.75 12.5-45.25 0L105.4 278.6C97.4 270.7 96 260.9 96 256c0-4.883 1.391-14.66 9.398-22.65l103.1-103.1c12.5-12.5 32.75-12.5 45.25 0s12.5 32.75 0 45.25L205.3 224H384c17.69 0 32 14.33 32 32S401.7 288 384 288z\"><\/path><\/svg><\/span><span class=\"uagb-icon-list__label\">Voltar para Respirador Elipse\u00ae Full Face\u00ae<\/span><\/div>\n<\/div><\/div>\n\n\n\n<p><\/p>\n","protected":false},"excerpt":{"rendered":"<p>Respirador Elipse\u00ae Full Face com Filtros P3 Antiodorcom filtros de reposi\u00e7\u00e3o O Respirador Elipse\u00ae Full Face com Filtros P3 Antiodor [&hellip;]<\/p>\n","protected":false},"author":2,"featured_media":0,"parent":0,"menu_order":0,"comment_status":"closed","ping_status":"closed","template":"","meta":{"_uag_custom_page_level_css":"","site-sidebar-layout":"default","site-content-layout":"","ast-site-content-layout":"","site-content-style":"default","site-sidebar-style":"default","ast-global-header-display":"","ast-banner-title-visibility":"","ast-main-header-display":"","ast-hfb-above-header-display":"","ast-hfb-below-header-display":"","ast-hfb-mobile-header-display":"","site-post-title":"disabled","ast-breadcrumbs-content":"","ast-featured-img":"","footer-sml-layout":"","ast-disable-related-posts":"","theme-transparent-header-meta":"","adv-header-id-meta":"","stick-header-meta":"","header-above-stick-meta":"","header-main-stick-meta":"","header-below-stick-meta":"","astra-migrate-meta-layouts":"default","ast-page-background-enabled":"default","ast-page-background-meta":{"desktop":{"background-color":"var(--ast-global-color-4)","background-image":"","background-repeat":"repeat","background-position":"center center","background-size":"auto","background-attachment":"scroll","background-type":"","background-media":"","overlay-type":"","overlay-color":"","overlay-opacity":"","overlay-gradient":""},"tablet":{"background-color":"","background-image":"","background-repeat":"repeat","background-position":"center center","background-size":"auto","background-attachment":"scroll","background-type":"","background-media":"","overlay-type":"","overlay-color":"","overlay-opacity":"","overlay-gradient":""},"mobile":{"background-color":"","background-image":"","background-repeat":"repeat","background-position":"center center","background-size":"auto","background-attachment":"scroll","background-type":"","background-media":"","overlay-type":"","overlay-color":"","overlay-opacity":"","overlay-gradient":""}},"ast-content-background-meta":{"desktop":{"background-color":"var(--ast-global-color-5)","background-image":"","background-repeat":"repeat","background-position":"center center","background-size":"auto","background-attachment":"scroll","background-type":"","background-media":"","overlay-type":"","overlay-color":"","overlay-opacity":"","overlay-gradient":""},"tablet":{"background-color":"var(--ast-global-color-5)","background-image":"","background-repeat":"repeat","background-position":"center center","background-size":"auto","background-attachment":"scroll","background-type":"","background-media":"","overlay-type":"","overlay-color":"","overlay-opacity":"","overlay-gradient":""},"mobile":{"background-color":"var(--ast-global-color-5)","background-image":"","background-repeat":"repeat","background-position":"center center","background-size":"auto","background-attachment":"scroll","background-type":"","background-media":"","overlay-type":"","overlay-color":"","overlay-opacity":"","overlay-gradient":""}},"footnotes":""},"class_list":["post-1934","page","type-page","status-publish","hentry"],"yoast_head":"<!-- This site is optimized with the Yoast SEO plugin v27.2 - https:\/\/yoast.com\/product\/yoast-seo-wordpress\/ -->\n<title>Produtos \u2013 Ajuste Apertado \u2013 Respirador Elipse\u00ae Full Face com Filtro P3 Antiodor - Safety<\/title>\n<meta name=\"robots\" content=\"index, follow, max-snippet:-1, max-image-preview:large, max-video-preview:-1\" \/>\n<link rel=\"canonical\" href=\"https:\/\/www.gvs.com.br\/safety\/produtos-ajuste-apertado-respirador-elipse-full-face-com-filtro-p3-antiodor\/\" \/>\n<meta property=\"og:locale\" content=\"pt_BR\" \/>\n<meta property=\"og:type\" content=\"article\" \/>\n<meta property=\"og:title\" content=\"Produtos \u2013 Ajuste Apertado \u2013 Respirador Elipse\u00ae Full Face com Filtro P3 Antiodor - Safety\" \/>\n<meta property=\"og:description\" content=\"Respirador Elipse\u00ae Full Face com Filtros P3 Antiodorcom filtros de reposi\u00e7\u00e3o O Respirador Elipse\u00ae Full Face com Filtros P3 Antiodor [&hellip;]\" \/>\n<meta property=\"og:url\" content=\"https:\/\/www.gvs.com.br\/safety\/produtos-ajuste-apertado-respirador-elipse-full-face-com-filtro-p3-antiodor\/\" \/>\n<meta property=\"og:site_name\" content=\"Safety\" \/>\n<meta property=\"article:modified_time\" content=\"2025-08-18T19:29:11+00:00\" \/>\n<meta property=\"og:image\" content=\"https:\/\/www.gvs.com.br\/safety\/wp-content\/uploads\/2025\/05\/Full-Face-com-Filtros-P3-Antiodor.png\" \/>\n<meta name=\"twitter:card\" content=\"summary_large_image\" \/>\n<meta name=\"twitter:label1\" content=\"Est. tempo de leitura\" \/>\n\t<meta name=\"twitter:data1\" content=\"3 minutos\" \/>\n<script type=\"application\/ld+json\" class=\"yoast-schema-graph\">{\"@context\":\"https:\/\/schema.org\",\"@graph\":[{\"@type\":\"WebPage\",\"@id\":\"https:\/\/www.gvs.com.br\/safety\/produtos-ajuste-apertado-respirador-elipse-full-face-com-filtro-p3-antiodor\/\",\"url\":\"https:\/\/www.gvs.com.br\/safety\/produtos-ajuste-apertado-respirador-elipse-full-face-com-filtro-p3-antiodor\/\",\"name\":\"Produtos \u2013 Ajuste Apertado \u2013 Respirador Elipse\u00ae Full Face com Filtro P3 Antiodor - Safety\",\"isPartOf\":{\"@id\":\"https:\/\/www.gvs.com.br\/safety\/#website\"},\"primaryImageOfPage\":{\"@id\":\"https:\/\/www.gvs.com.br\/safety\/produtos-ajuste-apertado-respirador-elipse-full-face-com-filtro-p3-antiodor\/#primaryimage\"},\"image\":{\"@id\":\"https:\/\/www.gvs.com.br\/safety\/produtos-ajuste-apertado-respirador-elipse-full-face-com-filtro-p3-antiodor\/#primaryimage\"},\"thumbnailUrl\":\"https:\/\/www.gvs.com.br\/safety\/wp-content\/uploads\/2025\/05\/Full-Face-com-Filtros-P3-Antiodor.png\",\"datePublished\":\"2025-05-20T17:50:38+00:00\",\"dateModified\":\"2025-08-18T19:29:11+00:00\",\"breadcrumb\":{\"@id\":\"https:\/\/www.gvs.com.br\/safety\/produtos-ajuste-apertado-respirador-elipse-full-face-com-filtro-p3-antiodor\/#breadcrumb\"},\"inLanguage\":\"pt-BR\",\"potentialAction\":[{\"@type\":\"ReadAction\",\"target\":[\"https:\/\/www.gvs.com.br\/safety\/produtos-ajuste-apertado-respirador-elipse-full-face-com-filtro-p3-antiodor\/\"]}]},{\"@type\":\"ImageObject\",\"inLanguage\":\"pt-BR\",\"@id\":\"https:\/\/www.gvs.com.br\/safety\/produtos-ajuste-apertado-respirador-elipse-full-face-com-filtro-p3-antiodor\/#primaryimage\",\"url\":\"https:\/\/www.gvs.com.br\/safety\/wp-content\/uploads\/2025\/05\/Full-Face-com-Filtros-P3-Antiodor.png\",\"contentUrl\":\"https:\/\/www.gvs.com.br\/safety\/wp-content\/uploads\/2025\/05\/Full-Face-com-Filtros-P3-Antiodor.png\",\"width\":600,\"height\":600,\"caption\":\"Full Face com Filtros P3 Antiodor\"},{\"@type\":\"BreadcrumbList\",\"@id\":\"https:\/\/www.gvs.com.br\/safety\/produtos-ajuste-apertado-respirador-elipse-full-face-com-filtro-p3-antiodor\/#breadcrumb\",\"itemListElement\":[{\"@type\":\"ListItem\",\"position\":1,\"name\":\"In\u00edcio\",\"item\":\"https:\/\/www.gvs.com.br\/safety\/\"},{\"@type\":\"ListItem\",\"position\":2,\"name\":\"Produtos \u2013 Ajuste Apertado \u2013 Respirador Elipse\u00ae Full Face com Filtro P3 Antiodor\"}]},{\"@type\":\"WebSite\",\"@id\":\"https:\/\/www.gvs.com.br\/safety\/#website\",\"url\":\"https:\/\/www.gvs.com.br\/safety\/\",\"name\":\"Safety\",\"description\":\"\",\"publisher\":{\"@id\":\"https:\/\/www.gvs.com.br\/safety\/#organization\"},\"potentialAction\":[{\"@type\":\"SearchAction\",\"target\":{\"@type\":\"EntryPoint\",\"urlTemplate\":\"https:\/\/www.gvs.com.br\/safety\/?s={search_term_string}\"},\"query-input\":{\"@type\":\"PropertyValueSpecification\",\"valueRequired\":true,\"valueName\":\"search_term_string\"}}],\"inLanguage\":\"pt-BR\"},{\"@type\":\"Organization\",\"@id\":\"https:\/\/www.gvs.com.br\/safety\/#organization\",\"name\":\"Safety\",\"url\":\"https:\/\/www.gvs.com.br\/safety\/\",\"logo\":{\"@type\":\"ImageObject\",\"inLanguage\":\"pt-BR\",\"@id\":\"https:\/\/www.gvs.com.br\/safety\/#\/schema\/logo\/image\/\",\"url\":\"https:\/\/www.gvs.com.br\/safety\/wp-content\/uploads\/2024\/12\/Logo-GVS-Safety.png\",\"contentUrl\":\"https:\/\/www.gvs.com.br\/safety\/wp-content\/uploads\/2024\/12\/Logo-GVS-Safety.png\",\"width\":1920,\"height\":1080,\"caption\":\"Safety\"},\"image\":{\"@id\":\"https:\/\/www.gvs.com.br\/safety\/#\/schema\/logo\/image\/\"}}]}<\/script>\n<!-- \/ Yoast SEO plugin. -->","yoast_head_json":{"title":"Produtos \u2013 Ajuste Apertado \u2013 Respirador Elipse\u00ae Full Face com Filtro P3 Antiodor - Safety","robots":{"index":"index","follow":"follow","max-snippet":"max-snippet:-1","max-image-preview":"max-image-preview:large","max-video-preview":"max-video-preview:-1"},"canonical":"https:\/\/www.gvs.com.br\/safety\/produtos-ajuste-apertado-respirador-elipse-full-face-com-filtro-p3-antiodor\/","og_locale":"pt_BR","og_type":"article","og_title":"Produtos \u2013 Ajuste Apertado \u2013 Respirador Elipse\u00ae Full Face com Filtro P3 Antiodor - Safety","og_description":"Respirador Elipse\u00ae Full Face com Filtros P3 Antiodorcom filtros de reposi\u00e7\u00e3o O Respirador Elipse\u00ae Full Face com Filtros P3 Antiodor [&hellip;]","og_url":"https:\/\/www.gvs.com.br\/safety\/produtos-ajuste-apertado-respirador-elipse-full-face-com-filtro-p3-antiodor\/","og_site_name":"Safety","article_modified_time":"2025-08-18T19:29:11+00:00","og_image":[{"url":"https:\/\/www.gvs.com.br\/safety\/wp-content\/uploads\/2025\/05\/Full-Face-com-Filtros-P3-Antiodor.png","type":"","width":"","height":""}],"twitter_card":"summary_large_image","twitter_misc":{"Est. tempo de leitura":"3 minutos"},"schema":{"@context":"https:\/\/schema.org","@graph":[{"@type":"WebPage","@id":"https:\/\/www.gvs.com.br\/safety\/produtos-ajuste-apertado-respirador-elipse-full-face-com-filtro-p3-antiodor\/","url":"https:\/\/www.gvs.com.br\/safety\/produtos-ajuste-apertado-respirador-elipse-full-face-com-filtro-p3-antiodor\/","name":"Produtos \u2013 Ajuste Apertado \u2013 Respirador Elipse\u00ae Full Face com Filtro P3 Antiodor - Safety","isPartOf":{"@id":"https:\/\/www.gvs.com.br\/safety\/#website"},"primaryImageOfPage":{"@id":"https:\/\/www.gvs.com.br\/safety\/produtos-ajuste-apertado-respirador-elipse-full-face-com-filtro-p3-antiodor\/#primaryimage"},"image":{"@id":"https:\/\/www.gvs.com.br\/safety\/produtos-ajuste-apertado-respirador-elipse-full-face-com-filtro-p3-antiodor\/#primaryimage"},"thumbnailUrl":"https:\/\/www.gvs.com.br\/safety\/wp-content\/uploads\/2025\/05\/Full-Face-com-Filtros-P3-Antiodor.png","datePublished":"2025-05-20T17:50:38+00:00","dateModified":"2025-08-18T19:29:11+00:00","breadcrumb":{"@id":"https:\/\/www.gvs.com.br\/safety\/produtos-ajuste-apertado-respirador-elipse-full-face-com-filtro-p3-antiodor\/#breadcrumb"},"inLanguage":"pt-BR","potentialAction":[{"@type":"ReadAction","target":["https:\/\/www.gvs.com.br\/safety\/produtos-ajuste-apertado-respirador-elipse-full-face-com-filtro-p3-antiodor\/"]}]},{"@type":"ImageObject","inLanguage":"pt-BR","@id":"https:\/\/www.gvs.com.br\/safety\/produtos-ajuste-apertado-respirador-elipse-full-face-com-filtro-p3-antiodor\/#primaryimage","url":"https:\/\/www.gvs.com.br\/safety\/wp-content\/uploads\/2025\/05\/Full-Face-com-Filtros-P3-Antiodor.png","contentUrl":"https:\/\/www.gvs.com.br\/safety\/wp-content\/uploads\/2025\/05\/Full-Face-com-Filtros-P3-Antiodor.png","width":600,"height":600,"caption":"Full Face com Filtros P3 Antiodor"},{"@type":"BreadcrumbList","@id":"https:\/\/www.gvs.com.br\/safety\/produtos-ajuste-apertado-respirador-elipse-full-face-com-filtro-p3-antiodor\/#breadcrumb","itemListElement":[{"@type":"ListItem","position":1,"name":"In\u00edcio","item":"https:\/\/www.gvs.com.br\/safety\/"},{"@type":"ListItem","position":2,"name":"Produtos \u2013 Ajuste Apertado \u2013 Respirador Elipse\u00ae Full Face com Filtro P3 Antiodor"}]},{"@type":"WebSite","@id":"https:\/\/www.gvs.com.br\/safety\/#website","url":"https:\/\/www.gvs.com.br\/safety\/","name":"Safety","description":"","publisher":{"@id":"https:\/\/www.gvs.com.br\/safety\/#organization"},"potentialAction":[{"@type":"SearchAction","target":{"@type":"EntryPoint","urlTemplate":"https:\/\/www.gvs.com.br\/safety\/?s={search_term_string}"},"query-input":{"@type":"PropertyValueSpecification","valueRequired":true,"valueName":"search_term_string"}}],"inLanguage":"pt-BR"},{"@type":"Organization","@id":"https:\/\/www.gvs.com.br\/safety\/#organization","name":"Safety","url":"https:\/\/www.gvs.com.br\/safety\/","logo":{"@type":"ImageObject","inLanguage":"pt-BR","@id":"https:\/\/www.gvs.com.br\/safety\/#\/schema\/logo\/image\/","url":"https:\/\/www.gvs.com.br\/safety\/wp-content\/uploads\/2024\/12\/Logo-GVS-Safety.png","contentUrl":"https:\/\/www.gvs.com.br\/safety\/wp-content\/uploads\/2024\/12\/Logo-GVS-Safety.png","width":1920,"height":1080,"caption":"Safety"},"image":{"@id":"https:\/\/www.gvs.com.br\/safety\/#\/schema\/logo\/image\/"}}]}},"uagb_featured_image_src":{"full":false,"thumbnail":false,"medium":false,"medium_large":false,"large":false,"1536x1536":false,"2048x2048":false},"uagb_author_info":{"display_name":"admin-gvs","author_link":"https:\/\/www.gvs.com.br\/safety\/author\/admin-gvs\/"},"uagb_comment_info":0,"uagb_excerpt":"Respirador Elipse\u00ae Full Face com Filtros P3 Antiodorcom filtros de reposi\u00e7\u00e3o O Respirador Elipse\u00ae Full Face com Filtros P3 Antiodor [&hellip;]","_links":{"self":[{"href":"https:\/\/www.gvs.com.br\/safety\/wp-json\/wp\/v2\/pages\/1934","targetHints":{"allow":["GET"]}}],"collection":[{"href":"https:\/\/www.gvs.com.br\/safety\/wp-json\/wp\/v2\/pages"}],"about":[{"href":"https:\/\/www.gvs.com.br\/safety\/wp-json\/wp\/v2\/types\/page"}],"author":[{"embeddable":true,"href":"https:\/\/www.gvs.com.br\/safety\/wp-json\/wp\/v2\/users\/2"}],"replies":[{"embeddable":true,"href":"https:\/\/www.gvs.com.br\/safety\/wp-json\/wp\/v2\/comments?post=1934"}],"version-history":[{"count":7,"href":"https:\/\/www.gvs.com.br\/safety\/wp-json\/wp\/v2\/pages\/1934\/revisions"}],"predecessor-version":[{"id":2685,"href":"https:\/\/www.gvs.com.br\/safety\/wp-json\/wp\/v2\/pages\/1934\/revisions\/2685"}],"wp:attachment":[{"href":"https:\/\/www.gvs.com.br\/safety\/wp-json\/wp\/v2\/media?parent=1934"}],"curies":[{"name":"wp","href":"https:\/\/api.w.org\/{rel}","templated":true}]}}